{"version":"1.0","provider_name":"Dra. Vivian Loureiro","provider_url":"https:\/\/www.dravivianloureiro.com.br\/blog","author_name":"Vivian Loureiro","author_url":"https:\/\/www.dravivianloureiro.com.br\/blog\/author\/vivian_loureiro\/","title":"Dica para n\u00e3o ressecar os l\u00e1bios - Beauty Beyond Skin Dermatologia Especializada","type":"rich","width":600,"height":338,"html":"<blockquote class=\"wp-embedded-content\" data-secret=\"8gEqJZSzGm\"><a href=\"https:\/\/www.dravivianloureiro.com.br\/blog\/aprenda-a-nao-ressecar-os-labios\/\">Aprenda a n\u00e3o ressecar os l\u00e1bios<\/a><\/blockquote><iframe sandbox=\"allow-scripts\" security=\"restricted\" src=\"https:\/\/www.dravivianloureiro.com.br\/blog\/aprenda-a-nao-ressecar-os-labios\/embed\/#?secret=8gEqJZSzGm\" width=\"600\" height=\"338\" title=\"&#8220;Aprenda a n\u00e3o ressecar os l\u00e1bios&#8221; &#8212; Dra. Vivian Loureiro\" data-secret=\"8gEqJZSzGm\" frameborder=\"0\" marginwidth=\"0\" marginheight=\"0\" scrolling=\"no\" class=\"wp-embedded-content\"><\/iframe><script type=\"text\/javascript\">\n\/*! This file is auto-generated *\/\n!function(c,d){\"use strict\";var e=!1,o=!1;if(d.querySelector)if(c.addEventListener)e=!0;if(c.wp=c.wp||{},c.wp.receiveEmbedMessage);else if(c.wp.receiveEmbedMessage=function(e){var t=e.data;if(!t);else if(!(t.secret||t.message||t.value));else if(\/[^a-zA-Z0-9]\/.test(t.secret));else{for(var r,s,a,i=d.querySelectorAll('iframe[data-secret=\"'+t.secret+'\"]'),n=d.querySelectorAll('blockquote[data-secret=\"'+t.secret+'\"]'),o=new RegExp(\"^https?:$\",\"i\"),l=0;l<n.length;l++)n[l].style.display=\"none\";for(l=0;l<i.length;l++)if(r=i[l],e.source!==r.contentWindow);else{if(r.removeAttribute(\"style\"),\"height\"===t.message){if(1e3<(s=parseInt(t.value,10)))s=1e3;else if(~~s<200)s=200;r.height=s}if(\"link\"===t.message)if(s=d.createElement(\"a\"),a=d.createElement(\"a\"),s.href=r.getAttribute(\"src\"),a.href=t.value,!o.test(a.protocol));else if(a.host===s.host)if(d.activeElement===r)c.top.location.href=t.value}}},e)c.addEventListener(\"message\",c.wp.receiveEmbedMessage,!1),d.addEventListener(\"DOMContentLoaded\",t,!1),c.addEventListener(\"load\",t,!1);function t(){if(o);else{o=!0;for(var e,t,r,s=-1!==navigator.appVersion.indexOf(\"MSIE 10\"),a=!!navigator.userAgent.match(\/Trident.*rv:11\\.\/),i=d.querySelectorAll(\"iframe.wp-embedded-content\"),n=0;n<i.length;n++){if(!(r=(t=i[n]).getAttribute(\"data-secret\")))r=Math.random().toString(36).substr(2,10),t.src+=\"#?secret=\"+r,t.setAttribute(\"data-secret\",r);if(s||a)(e=t.cloneNode(!0)).removeAttribute(\"security\"),t.parentNode.replaceChild(e,t);t.contentWindow.postMessage({message:\"ready\",secret:r},\"*\")}}}}(window,document);\n<\/script>\n","thumbnail_url":null,"thumbnail_width":null,"thumbnail_height":null,"description":"Para evitar que seus l\u00e1bios ressequem, al\u00e9m de tomar muita \u00e1gua, procure aplicar diariamente protetor solar em bast\u00e3o, com fator de prote\u00e7\u00e3o 30. Gabriela Casabona Dermatologista Especialista em Tratamentos da Pele em S\u00e3o Paulo. Telefones: 11 3668-5910 ou 11 3661-9502"}